{"id":122,"date":"2023-12-15T08:29:37","date_gmt":"2023-12-15T07:29:37","guid":{"rendered":"https:\/\/webalumnos.iestetuan.es\/?page_id=122"},"modified":"2024-04-07T11:41:44","modified_gmt":"2024-04-07T09:41:44","slug":"home","status":"publish","type":"page","link":"https:\/\/webalumnos.iestetuan.es\/","title":{"rendered":"Home"},"content":{"rendered":"\t\t<div data-elementor-type=\"wp-post\" data-elementor-id=\"122\" class=\"elementor elementor-122\">\n\t\t\t\t<div class=\"has_eae_slider elementor-element elementor-element-084d4d3 e-flex e-con-boxed e-con e-parent\" data-eae-slider=\"20605\" data-id=\"084d4d3\" data-element_type=\"container\">\n\t\t\t\t\t<div class=\"e-con-inner\">\n\t\t\t\t<div class=\"elementor-element elementor-element-894a420 elementor-widget elementor-widget-heading\" data-id=\"894a420\" data-element_type=\"widget\" data-widget_type=\"heading.default\">\n\t\t\t\t<div class=\"elementor-widget-container\">\n\t\t\t\t\t<h2 class=\"elementor-heading-title elementor-size-xl\">WEB DE ALUMNOS <br>IES TETU\u00c1N DE LAS VICTORIAS<\/h2>\t\t\t\t<\/div>\n\t\t\t\t<\/div>\n\t\t\t\t\t<\/div>\n\t\t\t\t<\/div>\n\t\t<div class=\"has_eae_slider elementor-element elementor-element-5d7e1a9 e-flex e-con-boxed e-con e-parent\" data-eae-slider=\"88099\" data-id=\"5d7e1a9\" data-element_type=\"container\">\n\t\t\t\t\t<div class=\"e-con-inner\">\n\t\t\t\t<div class=\"elementor-element elementor-element-6c23b5d elementor-grid-eael-col-1 elementor-grid-tablet-eael-col-2 elementor-grid-mobile-eael-col-1 elementor-widget elementor-widget-eael-post-grid\" data-id=\"6c23b5d\" data-element_type=\"widget\" data-settings=\"{&quot;eael_post_grid_columns&quot;:&quot;eael-col-1&quot;,&quot;eael_post_grid_columns_tablet&quot;:&quot;eael-col-2&quot;,&quot;eael_post_grid_columns_mobile&quot;:&quot;eael-col-1&quot;}\" data-widget_type=\"eael-post-grid.default\">\n\t\t\t\t<div class=\"elementor-widget-container\">\n\t\t\t\t\t<div id=\"eael-post-grid-6c23b5d\" class=\"eael-post-grid-container\">\n            <div class=\"eael-post-grid eael-post-appender eael-post-appender-6c23b5d eael-post-grid-style-one\" data-layout-mode=\"grid\"><article class=\"eael-grid-post  eael-post-grid-column eael-pg-post-992 category-informatica-orientacion\" data-id=\"992\">\n        <div class=\"eael-grid-post-holder\">\n            <div class=\"eael-grid-post-holder-inner\"><div class=\"eael-entry-media\"><div class=\"eael-entry-overlay fade-in\"><i class=\"fas fa-long-arrow-alt-right\" aria-hidden=\"true\"><\/i><a href=\"https:\/\/webalumnos.iestetuan.es\/?p=992\"><\/a><\/div><div class=\"eael-entry-thumbnail eael-image-ratio\">\n                <img fetchpriority=\"high\" decoding=\"async\" width=\"300\" height=\"300\" src=\"https:\/\/webalumnos.iestetuan.es\/wp-content\/uploads\/2024\/03\/Podcast-imagen-300x300.jpg\" class=\"attachment-medium size-medium wp-image-716\" alt=\"\" srcset=\"https:\/\/webalumnos.iestetuan.es\/wp-content\/uploads\/2024\/03\/Podcast-imagen-300x300.jpg 300w, https:\/\/webalumnos.iestetuan.es\/wp-content\/uploads\/2024\/03\/Podcast-imagen-1024x1024.jpg 1024w, https:\/\/webalumnos.iestetuan.es\/wp-content\/uploads\/2024\/03\/Podcast-imagen-150x150.jpg 150w, https:\/\/webalumnos.iestetuan.es\/wp-content\/uploads\/2024\/03\/Podcast-imagen-768x768.jpg 768w, https:\/\/webalumnos.iestetuan.es\/wp-content\/uploads\/2024\/03\/Podcast-imagen-1536x1536.jpg 1536w, https:\/\/webalumnos.iestetuan.es\/wp-content\/uploads\/2024\/03\/Podcast-imagen-2048x2048.jpg 2048w\" sizes=\"(max-width: 300px) 100vw, 300px\" \/>\n            <\/div>\n        <\/div><div class=\"eael-entry-wrapper\"><header class=\"eael-entry-header\"><h2 class=\"eael-entry-title\"><a class=\"eael-grid-post-link\" href=\"https:\/\/webalumnos.iestetuan.es\/?p=992\" title=\"PODCAST #5 \u2013 \u00a1Los Podcast de la FP b\u00e1sica! &#8211; Proyectos Intermodulares\">PODCAST #5 \u2013 \u00a1Los Podcast de la FP b\u00e1sica! &#8211; Proyectos Intermodulares<\/a><\/h2><\/header><div class=\"eael-entry-content\">\n                        <div class=\"eael-grid-post-excerpt\"><p>Arranca en este 2026 una interesante serie de Podcast elaborados...<\/p><a href=\"https:\/\/webalumnos.iestetuan.es\/?p=992\" class=\"eael-post-elements-readmore-btn\">Leer m\u00e1s<\/a><\/div>\n                    <\/div><div class=\"eael-entry-footer\"><div class=\"eael-author-avatar\"><a href=\"https:\/\/webalumnos.iestetuan.es\/?author=1\"><img alt='admin' src='https:\/\/secure.gravatar.com\/avatar\/99a6b7bdba6b9da9aa839c4d0352fa34?s=96&#038;d=mm&#038;r=g' srcset='https:\/\/secure.gravatar.com\/avatar\/99a6b7bdba6b9da9aa839c4d0352fa34?s=192&#038;d=mm&#038;r=g 2x' class='avatar avatar-96 photo' height='96' width='96' \/><\/a><\/div><div class=\"eael-entry-meta\"><span class=\"eael-posted-by\"><a href=\"https:\/\/webalumnos.iestetuan.es\/?author=1\" title=\"Entradas de admin\" rel=\"author\">admin<\/a><\/span><span class=\"eael-posted-on\"><time datetime=\"abril 8, 2026\">abril 8, 2026<\/time><\/span><\/div><\/div><\/div><\/div>\n        <\/div>\n    <\/article><\/div>\n            <div class=\"clearfix\"><\/div>\n        <\/div>            <div class=\"eael-load-more-button-wrap eael-force-hide\">\n                <button class=\"eael-load-more-button\" id=\"eael-load-more-btn-6c23b5d\" data-widget-id=\"6c23b5d\" data-widget=\"6c23b5d\" data-page-id=\"122\" data-template=\"{&quot;dir&quot;:&quot;lite&quot;,&quot;file_name&quot;:&quot;one.php&quot;,&quot;name&quot;:&quot;Post-Grid&quot;}\" data-class=\"Essential_Addons_Elementor\\Elements\\Post_Grid\" data-layout=\"grid\" data-page=\"1\" data-args=\"orderby=date&amp;order=desc&amp;ignore_sticky_posts=1&amp;post_status=publish&amp;posts_per_page=1&amp;offset=0&amp;post_type=post\" data-max-page=\"24\">\n                    <span class=\"eael-btn-loader button__loader\"><\/span>\n                    <span class=\"eael_load_more_text\">Cargar m\u00e1s<\/span>\n                <\/button>\n            <\/div>\n            \t\t\t\t<\/div>\n\t\t\t\t<\/div>\n\t\t\t\t\t<\/div>\n\t\t\t\t<\/div>\n\t\t<div class=\"has_eae_slider elementor-element elementor-element-afa7d2e e-flex e-con-boxed e-con e-parent\" data-eae-slider=\"99383\" data-id=\"afa7d2e\" data-element_type=\"container\">\n\t\t\t\t\t<div class=\"e-con-inner\">\n\t\t\t\t<div class=\"elementor-element elementor-element-ae0fc3a elementor-grid-eael-col-3 elementor-grid-tablet-eael-col-2 elementor-grid-mobile-eael-col-1 elementor-widget elementor-widget-eael-post-grid\" data-id=\"ae0fc3a\" data-element_type=\"widget\" data-settings=\"{&quot;eael_post_grid_columns&quot;:&quot;eael-col-3&quot;,&quot;eael_post_grid_columns_tablet&quot;:&quot;eael-col-2&quot;,&quot;eael_post_grid_columns_mobile&quot;:&quot;eael-col-1&quot;}\" data-widget_type=\"eael-post-grid.default\">\n\t\t\t\t<div class=\"elementor-widget-container\">\n\t\t\t\t\t<div id=\"eael-post-grid-ae0fc3a\" class=\"eael-post-grid-container\">\n            <div class=\"eael-post-grid eael-post-appender eael-post-appender-ae0fc3a eael-post-grid-style-one\" data-layout-mode=\"masonry\"><article class=\"eael-grid-post  eael-post-grid-column eael-pg-post-954 category-excursiones-y-eventos-informatica\" data-id=\"954\">\n        <div class=\"eael-grid-post-holder\">\n            <div class=\"eael-grid-post-holder-inner\"><div class=\"eael-entry-media\"><div class=\"eael-entry-overlay fade-in\"><i class=\"fas fa-long-arrow-alt-right\" aria-hidden=\"true\"><\/i><a href=\"https:\/\/webalumnos.iestetuan.es\/?p=954\"><\/a><\/div><div class=\"eael-entry-thumbnail \">\n                <img decoding=\"async\" width=\"300\" height=\"225\" src=\"https:\/\/webalumnos.iestetuan.es\/wp-content\/uploads\/2024\/10\/IMG_20241003_103317-300x225.jpg\" class=\"attachment-medium size-medium wp-image-963\" alt=\"\" srcset=\"https:\/\/webalumnos.iestetuan.es\/wp-content\/uploads\/2024\/10\/IMG_20241003_103317-300x225.jpg 300w, https:\/\/webalumnos.iestetuan.es\/wp-content\/uploads\/2024\/10\/IMG_20241003_103317-1024x768.jpg 1024w, https:\/\/webalumnos.iestetuan.es\/wp-content\/uploads\/2024\/10\/IMG_20241003_103317-768x576.jpg 768w, https:\/\/webalumnos.iestetuan.es\/wp-content\/uploads\/2024\/10\/IMG_20241003_103317-1536x1152.jpg 1536w, https:\/\/webalumnos.iestetuan.es\/wp-content\/uploads\/2024\/10\/IMG_20241003_103317-2048x1536.jpg 2048w\" sizes=\"(max-width: 300px) 100vw, 300px\" \/>\n            <\/div>\n        <\/div><div class=\"eael-entry-wrapper\"><header class=\"eael-entry-header\"><h2 class=\"eael-entry-title\"><a class=\"eael-grid-post-link\" href=\"https:\/\/webalumnos.iestetuan.es\/?p=954\" title=\"Visita &#8211; II edici\u00f3n de la Feria de Empleo en San Blas Digital\">Visita &#8211; II edici\u00f3n de la Feria de Empleo en San Blas Digital<\/a><\/h2><\/header><div class=\"eael-entry-content\">\n                        <div class=\"eael-grid-post-excerpt\"><p>El pasado jueves 26 de septiembre tuvo lugar la 2\u00aa...<\/p><a href=\"https:\/\/webalumnos.iestetuan.es\/?p=954\" class=\"eael-post-elements-readmore-btn\">Leer m\u00e1s<\/a><\/div>\n                    <\/div><div class=\"eael-entry-footer\"><div class=\"eael-author-avatar\"><a href=\"https:\/\/webalumnos.iestetuan.es\/?author=1\"><img alt='admin' src='https:\/\/secure.gravatar.com\/avatar\/99a6b7bdba6b9da9aa839c4d0352fa34?s=96&#038;d=mm&#038;r=g' srcset='https:\/\/secure.gravatar.com\/avatar\/99a6b7bdba6b9da9aa839c4d0352fa34?s=192&#038;d=mm&#038;r=g 2x' class='avatar avatar-96 photo' height='96' width='96' \/><\/a><\/div><div class=\"eael-entry-meta\"><span class=\"eael-posted-by\"><a href=\"https:\/\/webalumnos.iestetuan.es\/?author=1\" title=\"Entradas de admin\" rel=\"author\">admin<\/a><\/span><span class=\"eael-posted-on\"><time datetime=\"octubre 7, 2024\">octubre 7, 2024<\/time><\/span><\/div><\/div><\/div><\/div>\n        <\/div>\n    <\/article><article class=\"eael-grid-post  eael-post-grid-column eael-pg-post-941 category-informatica\" data-id=\"941\">\n        <div class=\"eael-grid-post-holder\">\n            <div class=\"eael-grid-post-holder-inner\"><div class=\"eael-entry-media\"><div class=\"eael-entry-overlay fade-in\"><i class=\"fas fa-long-arrow-alt-right\" aria-hidden=\"true\"><\/i><a href=\"https:\/\/webalumnos.iestetuan.es\/?p=941\"><\/a><\/div><div class=\"eael-entry-thumbnail \">\n                <img decoding=\"async\" width=\"300\" height=\"200\" src=\"https:\/\/webalumnos.iestetuan.es\/wp-content\/uploads\/2024\/06\/nejc-soklic-2jTu7H9l6JA-unsplash-300x200.jpg\" class=\"attachment-medium size-medium wp-image-943\" alt=\"\" srcset=\"https:\/\/webalumnos.iestetuan.es\/wp-content\/uploads\/2024\/06\/nejc-soklic-2jTu7H9l6JA-unsplash-300x200.jpg 300w, https:\/\/webalumnos.iestetuan.es\/wp-content\/uploads\/2024\/06\/nejc-soklic-2jTu7H9l6JA-unsplash-1024x683.jpg 1024w, https:\/\/webalumnos.iestetuan.es\/wp-content\/uploads\/2024\/06\/nejc-soklic-2jTu7H9l6JA-unsplash-768x512.jpg 768w, https:\/\/webalumnos.iestetuan.es\/wp-content\/uploads\/2024\/06\/nejc-soklic-2jTu7H9l6JA-unsplash-1536x1024.jpg 1536w, https:\/\/webalumnos.iestetuan.es\/wp-content\/uploads\/2024\/06\/nejc-soklic-2jTu7H9l6JA-unsplash-2048x1365.jpg 2048w, https:\/\/webalumnos.iestetuan.es\/wp-content\/uploads\/2024\/06\/nejc-soklic-2jTu7H9l6JA-unsplash-930x620.jpg 930w\" sizes=\"(max-width: 300px) 100vw, 300px\" \/>\n            <\/div>\n        <\/div><div class=\"eael-entry-wrapper\"><header class=\"eael-entry-header\"><h2 class=\"eael-entry-title\"><a class=\"eael-grid-post-link\" href=\"https:\/\/webalumnos.iestetuan.es\/?p=941\" title=\"Edici\u00f3n de v\u00eddeo en el ciclo de Sistemas Microinform\u00e1ticos y Redes\">Edici\u00f3n de v\u00eddeo en el ciclo de Sistemas Microinform\u00e1ticos y Redes<\/a><\/h2><\/header><div class=\"eael-entry-content\">\n                        <div class=\"eael-grid-post-excerpt\"><p>Art\u00edculo realizado por Daniel Medrano y los alumnos de 2\u00baSMRB...<\/p><a href=\"https:\/\/webalumnos.iestetuan.es\/?p=941\" class=\"eael-post-elements-readmore-btn\">Leer m\u00e1s<\/a><\/div>\n                    <\/div><div class=\"eael-entry-footer\"><div class=\"eael-author-avatar\"><a href=\"https:\/\/webalumnos.iestetuan.es\/?author=1\"><img alt='admin' src='https:\/\/secure.gravatar.com\/avatar\/99a6b7bdba6b9da9aa839c4d0352fa34?s=96&#038;d=mm&#038;r=g' srcset='https:\/\/secure.gravatar.com\/avatar\/99a6b7bdba6b9da9aa839c4d0352fa34?s=192&#038;d=mm&#038;r=g 2x' class='avatar avatar-96 photo' height='96' width='96' \/><\/a><\/div><div class=\"eael-entry-meta\"><span class=\"eael-posted-by\"><a href=\"https:\/\/webalumnos.iestetuan.es\/?author=1\" title=\"Entradas de admin\" rel=\"author\">admin<\/a><\/span><span class=\"eael-posted-on\"><time datetime=\"junio 19, 2024\">junio 19, 2024<\/time><\/span><\/div><\/div><\/div><\/div>\n        <\/div>\n    <\/article><article class=\"eael-grid-post  eael-post-grid-column eael-pg-post-927 category-excursiones-y-eventos-informatica-uncategorized\" data-id=\"927\">\n        <div class=\"eael-grid-post-holder\">\n            <div class=\"eael-grid-post-holder-inner\"><div class=\"eael-entry-media\"><div class=\"eael-entry-overlay fade-in\"><i class=\"fas fa-long-arrow-alt-right\" aria-hidden=\"true\"><\/i><a href=\"https:\/\/webalumnos.iestetuan.es\/?p=927\"><\/a><\/div><div class=\"eael-entry-thumbnail \">\n                <img loading=\"lazy\" decoding=\"async\" width=\"300\" height=\"116\" src=\"https:\/\/webalumnos.iestetuan.es\/wp-content\/uploads\/2024\/06\/opeexpo2-300x116.png\" class=\"attachment-medium size-medium wp-image-937\" alt=\"\" srcset=\"https:\/\/webalumnos.iestetuan.es\/wp-content\/uploads\/2024\/06\/opeexpo2-300x116.png 300w, https:\/\/webalumnos.iestetuan.es\/wp-content\/uploads\/2024\/06\/opeexpo2-1024x396.png 1024w, https:\/\/webalumnos.iestetuan.es\/wp-content\/uploads\/2024\/06\/opeexpo2-768x297.png 768w, https:\/\/webalumnos.iestetuan.es\/wp-content\/uploads\/2024\/06\/opeexpo2-1536x594.png 1536w, https:\/\/webalumnos.iestetuan.es\/wp-content\/uploads\/2024\/06\/opeexpo2.png 1651w\" sizes=\"(max-width: 300px) 100vw, 300px\" \/>\n            <\/div>\n        <\/div><div class=\"eael-entry-wrapper\"><header class=\"eael-entry-header\"><h2 class=\"eael-entry-title\"><a class=\"eael-grid-post-link\" href=\"https:\/\/webalumnos.iestetuan.es\/?p=927\" title=\"El Futuro de la IA Generativa: Una Mirada desde OpenExpo Europe 2024\">El Futuro de la IA Generativa: Una Mirada desde OpenExpo Europe 2024<\/a><\/h2><\/header><div class=\"eael-entry-content\">\n                        <div class=\"eael-grid-post-excerpt\"><p>Por Marcos Gonz\u00e1lez, Departamento de Inform\u00e1tica El pasado 13 de...<\/p><a href=\"https:\/\/webalumnos.iestetuan.es\/?p=927\" class=\"eael-post-elements-readmore-btn\">Leer m\u00e1s<\/a><\/div>\n                    <\/div><div class=\"eael-entry-footer\"><div class=\"eael-author-avatar\"><a href=\"https:\/\/webalumnos.iestetuan.es\/?author=1\"><img alt='admin' src='https:\/\/secure.gravatar.com\/avatar\/99a6b7bdba6b9da9aa839c4d0352fa34?s=96&#038;d=mm&#038;r=g' srcset='https:\/\/secure.gravatar.com\/avatar\/99a6b7bdba6b9da9aa839c4d0352fa34?s=192&#038;d=mm&#038;r=g 2x' class='avatar avatar-96 photo' height='96' width='96' \/><\/a><\/div><div class=\"eael-entry-meta\"><span class=\"eael-posted-by\"><a href=\"https:\/\/webalumnos.iestetuan.es\/?author=1\" title=\"Entradas de admin\" rel=\"author\">admin<\/a><\/span><span class=\"eael-posted-on\"><time datetime=\"junio 17, 2024\">junio 17, 2024<\/time><\/span><\/div><\/div><\/div><\/div>\n        <\/div>\n    <\/article><\/div>\n            <div class=\"clearfix\"><\/div>\n        <\/div>            <div class=\"eael-load-more-button-wrap eael-force-hide\">\n                <button class=\"eael-load-more-button\" id=\"eael-load-more-btn-ae0fc3a\" data-widget-id=\"ae0fc3a\" data-widget=\"ae0fc3a\" data-page-id=\"122\" data-template=\"{&quot;dir&quot;:&quot;lite&quot;,&quot;file_name&quot;:&quot;one.php&quot;,&quot;name&quot;:&quot;Post-Grid&quot;}\" data-class=\"Essential_Addons_Elementor\\Elements\\Post_Grid\" data-layout=\"masonry\" data-page=\"1\" data-args=\"orderby=date&amp;order=desc&amp;ignore_sticky_posts=1&amp;post_status=publish&amp;posts_per_page=3&amp;offset=1&amp;post_type=post\" data-max-page=\"8\">\n                    <span class=\"eael-btn-loader button__loader\"><\/span>\n                    <span class=\"eael_load_more_text\">Cargar m\u00e1s<\/span>\n                <\/button>\n            <\/div>\n            \t\t\t\t<\/div>\n\t\t\t\t<\/div>\n\t\t\t\t\t<\/div>\n\t\t\t\t<\/div>\n\t\t<div class=\"has_eae_slider elementor-element elementor-element-c88cfde e-flex e-con-boxed e-con e-parent\" data-eae-slider=\"23517\" data-id=\"c88cfde\" data-element_type=\"container\">\n\t\t\t\t\t<div class=\"e-con-inner\">\n\t\t\t\t<div class=\"elementor-element elementor-element-8b2c222 elementor-grid-eael-col-2 elementor-grid-tablet-eael-col-2 elementor-grid-mobile-eael-col-1 elementor-widget elementor-widget-eael-post-grid\" data-id=\"8b2c222\" data-element_type=\"widget\" data-settings=\"{&quot;eael_post_grid_columns&quot;:&quot;eael-col-2&quot;,&quot;eael_post_grid_columns_tablet&quot;:&quot;eael-col-2&quot;,&quot;eael_post_grid_columns_mobile&quot;:&quot;eael-col-1&quot;}\" data-widget_type=\"eael-post-grid.default\">\n\t\t\t\t<div class=\"elementor-widget-container\">\n\t\t\t\t\t<div id=\"eael-post-grid-8b2c222\" class=\"eael-post-grid-container\">\n            <div class=\"eael-post-grid eael-post-appender eael-post-appender-8b2c222 eael-post-grid-style-one\" data-layout-mode=\"masonry\"><article class=\"eael-grid-post  eael-post-grid-column eael-pg-post-885 category-excursiones-y-eventos-experiencia-en-ftcs-informatica\" data-id=\"885\">\n        <div class=\"eael-grid-post-holder\">\n            <div class=\"eael-grid-post-holder-inner\"><div class=\"eael-entry-media\"><div class=\"eael-entry-overlay fade-in\"><i class=\"fas fa-long-arrow-alt-right\" aria-hidden=\"true\"><\/i><a href=\"https:\/\/webalumnos.iestetuan.es\/?p=885\"><\/a><\/div><div class=\"eael-entry-thumbnail \">\n                <img loading=\"lazy\" decoding=\"async\" width=\"300\" height=\"200\" src=\"https:\/\/webalumnos.iestetuan.es\/wp-content\/uploads\/2024\/06\/aws2-300x200.jpg\" class=\"attachment-medium size-medium wp-image-900\" alt=\"\" srcset=\"https:\/\/webalumnos.iestetuan.es\/wp-content\/uploads\/2024\/06\/aws2-300x200.jpg 300w, https:\/\/webalumnos.iestetuan.es\/wp-content\/uploads\/2024\/06\/aws2-1024x683.jpg 1024w, https:\/\/webalumnos.iestetuan.es\/wp-content\/uploads\/2024\/06\/aws2-768x512.jpg 768w, https:\/\/webalumnos.iestetuan.es\/wp-content\/uploads\/2024\/06\/aws2-1536x1024.jpg 1536w, https:\/\/webalumnos.iestetuan.es\/wp-content\/uploads\/2024\/06\/aws2-2048x1366.jpg 2048w, https:\/\/webalumnos.iestetuan.es\/wp-content\/uploads\/2024\/06\/aws2-930x620.jpg 930w\" sizes=\"(max-width: 300px) 100vw, 300px\" \/>\n            <\/div>\n        <\/div><div class=\"eael-entry-wrapper\"><header class=\"eael-entry-header\"><h2 class=\"eael-entry-title\"><a class=\"eael-grid-post-link\" href=\"https:\/\/webalumnos.iestetuan.es\/?p=885\" title=\"AWS Summit Madrid 2024 y Premio al Departamento de Inform\u00e1tica del Tetu\u00e1n\">AWS Summit Madrid 2024 y Premio al Departamento de Inform\u00e1tica del Tetu\u00e1n<\/a><\/h2><\/header><div class=\"eael-entry-content\">\n                        <div class=\"eael-grid-post-excerpt\"><p>Ayer d\u00eda 5 de junio de 2024 fue un d\u00eda...<\/p><a href=\"https:\/\/webalumnos.iestetuan.es\/?p=885\" class=\"eael-post-elements-readmore-btn\">Leer m\u00e1s<\/a><\/div>\n                    <\/div><div class=\"eael-entry-footer\"><div class=\"eael-author-avatar\"><a href=\"https:\/\/webalumnos.iestetuan.es\/?author=1\"><img alt='admin' src='https:\/\/secure.gravatar.com\/avatar\/99a6b7bdba6b9da9aa839c4d0352fa34?s=96&#038;d=mm&#038;r=g' srcset='https:\/\/secure.gravatar.com\/avatar\/99a6b7bdba6b9da9aa839c4d0352fa34?s=192&#038;d=mm&#038;r=g 2x' class='avatar avatar-96 photo' height='96' width='96' \/><\/a><\/div><div class=\"eael-entry-meta\"><span class=\"eael-posted-by\"><a href=\"https:\/\/webalumnos.iestetuan.es\/?author=1\" title=\"Entradas de admin\" rel=\"author\">admin<\/a><\/span><span class=\"eael-posted-on\"><time datetime=\"junio 7, 2024\">junio 7, 2024<\/time><\/span><\/div><\/div><\/div><\/div>\n        <\/div>\n    <\/article><article class=\"eael-grid-post  eael-post-grid-column eael-pg-post-847 category-excursiones-y-eventos-turismo\" data-id=\"847\">\n        <div class=\"eael-grid-post-holder\">\n            <div class=\"eael-grid-post-holder-inner\"><div class=\"eael-entry-media\"><div class=\"eael-entry-overlay fade-in\"><i class=\"fas fa-long-arrow-alt-right\" aria-hidden=\"true\"><\/i><a href=\"https:\/\/webalumnos.iestetuan.es\/?p=847\"><\/a><\/div><div class=\"eael-entry-thumbnail \">\n                <img loading=\"lazy\" decoding=\"async\" width=\"300\" height=\"138\" src=\"https:\/\/webalumnos.iestetuan.es\/wp-content\/uploads\/2024\/05\/FERIA2-300x138.jpg\" class=\"attachment-medium size-medium wp-image-853\" alt=\"\" srcset=\"https:\/\/webalumnos.iestetuan.es\/wp-content\/uploads\/2024\/05\/FERIA2-300x138.jpg 300w, https:\/\/webalumnos.iestetuan.es\/wp-content\/uploads\/2024\/05\/FERIA2-1024x473.jpg 1024w, https:\/\/webalumnos.iestetuan.es\/wp-content\/uploads\/2024\/05\/FERIA2-768x354.jpg 768w, https:\/\/webalumnos.iestetuan.es\/wp-content\/uploads\/2024\/05\/FERIA2-1536x709.jpg 1536w, https:\/\/webalumnos.iestetuan.es\/wp-content\/uploads\/2024\/05\/FERIA2.jpg 2000w\" sizes=\"(max-width: 300px) 100vw, 300px\" \/>\n            <\/div>\n        <\/div><div class=\"eael-entry-wrapper\"><header class=\"eael-entry-header\"><h2 class=\"eael-entry-title\"><a class=\"eael-grid-post-link\" href=\"https:\/\/webalumnos.iestetuan.es\/?p=847\" title=\"Primera Feria de Turismo del IES Tetu\u00e1n &#8211; Un viaje de colores, sabores y culturas \u00fanicas.\">Primera Feria de Turismo del IES Tetu\u00e1n &#8211; Un viaje de colores, sabores y culturas \u00fanicas.<\/a><\/h2><\/header><div class=\"eael-entry-content\">\n                        <div class=\"eael-grid-post-excerpt\"><p>El correo que nos anunci\u00f3 la maravilla fue el siguiente:...<\/p><a href=\"https:\/\/webalumnos.iestetuan.es\/?p=847\" class=\"eael-post-elements-readmore-btn\">Leer m\u00e1s<\/a><\/div>\n                    <\/div><div class=\"eael-entry-footer\"><div class=\"eael-author-avatar\"><a href=\"https:\/\/webalumnos.iestetuan.es\/?author=1\"><img alt='admin' src='https:\/\/secure.gravatar.com\/avatar\/99a6b7bdba6b9da9aa839c4d0352fa34?s=96&#038;d=mm&#038;r=g' srcset='https:\/\/secure.gravatar.com\/avatar\/99a6b7bdba6b9da9aa839c4d0352fa34?s=192&#038;d=mm&#038;r=g 2x' class='avatar avatar-96 photo' height='96' width='96' \/><\/a><\/div><div class=\"eael-entry-meta\"><span class=\"eael-posted-by\"><a href=\"https:\/\/webalumnos.iestetuan.es\/?author=1\" title=\"Entradas de admin\" rel=\"author\">admin<\/a><\/span><span class=\"eael-posted-on\"><time datetime=\"mayo 17, 2024\">mayo 17, 2024<\/time><\/span><\/div><\/div><\/div><\/div>\n        <\/div>\n    <\/article><\/div>\n            <div class=\"clearfix\"><\/div>\n        <\/div>            <div class=\"eael-load-more-button-wrap eael-force-hide\">\n                <button class=\"eael-load-more-button\" id=\"eael-load-more-btn-8b2c222\" data-widget-id=\"8b2c222\" data-widget=\"8b2c222\" data-page-id=\"122\" data-template=\"{&quot;dir&quot;:&quot;lite&quot;,&quot;file_name&quot;:&quot;one.php&quot;,&quot;name&quot;:&quot;Post-Grid&quot;}\" data-class=\"Essential_Addons_Elementor\\Elements\\Post_Grid\" data-layout=\"masonry\" data-page=\"1\" data-args=\"orderby=date&amp;order=desc&amp;ignore_sticky_posts=1&amp;post_status=publish&amp;posts_per_page=2&amp;offset=4&amp;post_type=post\" data-max-page=\"10\">\n                    <span class=\"eael-btn-loader button__loader\"><\/span>\n                    <span class=\"eael_load_more_text\">Cargar m\u00e1s<\/span>\n                <\/button>\n            <\/div>\n            \t\t\t\t<\/div>\n\t\t\t\t<\/div>\n\t\t\t\t\t<\/div>\n\t\t\t\t<\/div>\n\t\t<div class=\"has_eae_slider elementor-element elementor-element-e0c5b58 e-flex e-con-boxed e-con e-parent\" data-eae-slider=\"53317\" data-id=\"e0c5b58\" data-element_type=\"container\">\n\t\t\t\t\t<div class=\"e-con-inner\">\n\t\t\t\t<div class=\"elementor-element elementor-element-8f9356c elementor-grid-eael-col-4 elementor-grid-tablet-eael-col-2 elementor-grid-mobile-eael-col-1 elementor-widget elementor-widget-eael-post-grid\" data-id=\"8f9356c\" data-element_type=\"widget\" data-settings=\"{&quot;eael_post_grid_columns&quot;:&quot;eael-col-4&quot;,&quot;eael_post_grid_columns_tablet&quot;:&quot;eael-col-2&quot;,&quot;eael_post_grid_columns_mobile&quot;:&quot;eael-col-1&quot;}\" data-widget_type=\"eael-post-grid.default\">\n\t\t\t\t<div class=\"elementor-widget-container\">\n\t\t\t\t\t<div id=\"eael-post-grid-8f9356c\" class=\"eael-post-grid-container\">\n            <div class=\"eael-post-grid eael-post-appender eael-post-appender-8f9356c eael-post-grid-style-one\" data-layout-mode=\"masonry\"><article class=\"eael-grid-post  eael-post-grid-column eael-pg-post-806 category-excursiones-y-eventos-experiencia-en-ftcs-orientacion\" data-id=\"806\">\n        <div class=\"eael-grid-post-holder\">\n            <div class=\"eael-grid-post-holder-inner\"><div class=\"eael-entry-media\"><div class=\"eael-entry-overlay fade-in\"><i class=\"fas fa-long-arrow-alt-right\" aria-hidden=\"true\"><\/i><a href=\"https:\/\/webalumnos.iestetuan.es\/?p=806\"><\/a><\/div><div class=\"eael-entry-thumbnail eael-image-ratio\">\n                <img fetchpriority=\"high\" decoding=\"async\" width=\"300\" height=\"300\" src=\"https:\/\/webalumnos.iestetuan.es\/wp-content\/uploads\/2024\/03\/Podcast-imagen-300x300.jpg\" class=\"attachment-medium size-medium wp-image-716\" alt=\"\" srcset=\"https:\/\/webalumnos.iestetuan.es\/wp-content\/uploads\/2024\/03\/Podcast-imagen-300x300.jpg 300w, https:\/\/webalumnos.iestetuan.es\/wp-content\/uploads\/2024\/03\/Podcast-imagen-1024x1024.jpg 1024w, https:\/\/webalumnos.iestetuan.es\/wp-content\/uploads\/2024\/03\/Podcast-imagen-150x150.jpg 150w, https:\/\/webalumnos.iestetuan.es\/wp-content\/uploads\/2024\/03\/Podcast-imagen-768x768.jpg 768w, https:\/\/webalumnos.iestetuan.es\/wp-content\/uploads\/2024\/03\/Podcast-imagen-1536x1536.jpg 1536w, https:\/\/webalumnos.iestetuan.es\/wp-content\/uploads\/2024\/03\/Podcast-imagen-2048x2048.jpg 2048w\" sizes=\"(max-width: 300px) 100vw, 300px\" \/>\n            <\/div>\n        <\/div><div class=\"eael-entry-wrapper\"><header class=\"eael-entry-header\"><h2 class=\"eael-entry-title\"><a class=\"eael-grid-post-link\" href=\"https:\/\/webalumnos.iestetuan.es\/?p=806\" title=\"PODCAST #4 \u2013 \u00a1LOS ALUMNOS CUENTAN! \u2013 Rumbo a la Formaci\u00f3n Profesional y a los Estudios Universitarios\">PODCAST #4 \u2013 \u00a1LOS ALUMNOS CUENTAN! \u2013 Rumbo a la Formaci\u00f3n Profesional y a los Estudios Universitarios<\/a><\/h2><\/header><div class=\"eael-entry-content\">\n                        <div class=\"eael-grid-post-excerpt\"><p>Continuamos con nuestra interesante serie de Podcast sobre la vida...<\/p><a href=\"https:\/\/webalumnos.iestetuan.es\/?p=806\" class=\"eael-post-elements-readmore-btn\">Leer m\u00e1s<\/a><\/div>\n                    <\/div><div class=\"eael-entry-footer\"><div class=\"eael-author-avatar\"><a href=\"https:\/\/webalumnos.iestetuan.es\/?author=1\"><img alt='admin' src='https:\/\/secure.gravatar.com\/avatar\/99a6b7bdba6b9da9aa839c4d0352fa34?s=96&#038;d=mm&#038;r=g' srcset='https:\/\/secure.gravatar.com\/avatar\/99a6b7bdba6b9da9aa839c4d0352fa34?s=192&#038;d=mm&#038;r=g 2x' class='avatar avatar-96 photo' height='96' width='96' \/><\/a><\/div><div class=\"eael-entry-meta\"><span class=\"eael-posted-by\"><a href=\"https:\/\/webalumnos.iestetuan.es\/?author=1\" title=\"Entradas de admin\" rel=\"author\">admin<\/a><\/span><span class=\"eael-posted-on\"><time datetime=\"mayo 17, 2024\">mayo 17, 2024<\/time><\/span><\/div><\/div><\/div><\/div>\n        <\/div>\n    <\/article><article class=\"eael-grid-post  eael-post-grid-column eael-pg-post-783 category-administracion-y-finanzas-experiencia-en-ftcs-orientacion\" data-id=\"783\">\n        <div class=\"eael-grid-post-holder\">\n            <div class=\"eael-grid-post-holder-inner\"><div class=\"eael-entry-media\"><div class=\"eael-entry-overlay fade-in\"><i class=\"fas fa-long-arrow-alt-right\" aria-hidden=\"true\"><\/i><a href=\"https:\/\/webalumnos.iestetuan.es\/?p=783\"><\/a><\/div><div class=\"eael-entry-thumbnail eael-image-ratio\">\n                <img fetchpriority=\"high\" decoding=\"async\" width=\"300\" height=\"300\" src=\"https:\/\/webalumnos.iestetuan.es\/wp-content\/uploads\/2024\/03\/Podcast-imagen-300x300.jpg\" class=\"attachment-medium size-medium wp-image-716\" alt=\"\" srcset=\"https:\/\/webalumnos.iestetuan.es\/wp-content\/uploads\/2024\/03\/Podcast-imagen-300x300.jpg 300w, https:\/\/webalumnos.iestetuan.es\/wp-content\/uploads\/2024\/03\/Podcast-imagen-1024x1024.jpg 1024w, https:\/\/webalumnos.iestetuan.es\/wp-content\/uploads\/2024\/03\/Podcast-imagen-150x150.jpg 150w, https:\/\/webalumnos.iestetuan.es\/wp-content\/uploads\/2024\/03\/Podcast-imagen-768x768.jpg 768w, https:\/\/webalumnos.iestetuan.es\/wp-content\/uploads\/2024\/03\/Podcast-imagen-1536x1536.jpg 1536w, https:\/\/webalumnos.iestetuan.es\/wp-content\/uploads\/2024\/03\/Podcast-imagen-2048x2048.jpg 2048w\" sizes=\"(max-width: 300px) 100vw, 300px\" \/>\n            <\/div>\n        <\/div><div class=\"eael-entry-wrapper\"><header class=\"eael-entry-header\"><h2 class=\"eael-entry-title\"><a class=\"eael-grid-post-link\" href=\"https:\/\/webalumnos.iestetuan.es\/?p=783\" title=\"PODCAST #3 \u2013 \u00a1LOS ALUMNOS CUENTAN! \u2013 CFGS AF Dual Seguros (formaci\u00f3n y experiencias)\">PODCAST #3 \u2013 \u00a1LOS ALUMNOS CUENTAN! \u2013 CFGS AF Dual Seguros (formaci\u00f3n y experiencias)<\/a><\/h2><\/header><div class=\"eael-entry-content\">\n                        <div class=\"eael-grid-post-excerpt\"><p>Llegamos ya al tercero de esta serie de brillantes Podcast...<\/p><a href=\"https:\/\/webalumnos.iestetuan.es\/?p=783\" class=\"eael-post-elements-readmore-btn\">Leer m\u00e1s<\/a><\/div>\n                    <\/div><div class=\"eael-entry-footer\"><div class=\"eael-author-avatar\"><a href=\"https:\/\/webalumnos.iestetuan.es\/?author=1\"><img alt='admin' src='https:\/\/secure.gravatar.com\/avatar\/99a6b7bdba6b9da9aa839c4d0352fa34?s=96&#038;d=mm&#038;r=g' srcset='https:\/\/secure.gravatar.com\/avatar\/99a6b7bdba6b9da9aa839c4d0352fa34?s=192&#038;d=mm&#038;r=g 2x' class='avatar avatar-96 photo' height='96' width='96' \/><\/a><\/div><div class=\"eael-entry-meta\"><span class=\"eael-posted-by\"><a href=\"https:\/\/webalumnos.iestetuan.es\/?author=1\" title=\"Entradas de admin\" rel=\"author\">admin<\/a><\/span><span class=\"eael-posted-on\"><time datetime=\"abril 23, 2024\">abril 23, 2024<\/time><\/span><\/div><\/div><\/div><\/div>\n        <\/div>\n    <\/article><article class=\"eael-grid-post  eael-post-grid-column eael-pg-post-757 category-excursiones-y-eventos-orientacion-turismo\" data-id=\"757\">\n        <div class=\"eael-grid-post-holder\">\n            <div class=\"eael-grid-post-holder-inner\"><div class=\"eael-entry-media\"><div class=\"eael-entry-overlay fade-in\"><i class=\"fas fa-long-arrow-alt-right\" aria-hidden=\"true\"><\/i><a href=\"https:\/\/webalumnos.iestetuan.es\/?p=757\"><\/a><\/div><div class=\"eael-entry-thumbnail eael-image-ratio\">\n                <img fetchpriority=\"high\" decoding=\"async\" width=\"300\" height=\"300\" src=\"https:\/\/webalumnos.iestetuan.es\/wp-content\/uploads\/2024\/03\/Podcast-imagen-300x300.jpg\" class=\"attachment-medium size-medium wp-image-716\" alt=\"\" srcset=\"https:\/\/webalumnos.iestetuan.es\/wp-content\/uploads\/2024\/03\/Podcast-imagen-300x300.jpg 300w, https:\/\/webalumnos.iestetuan.es\/wp-content\/uploads\/2024\/03\/Podcast-imagen-1024x1024.jpg 1024w, https:\/\/webalumnos.iestetuan.es\/wp-content\/uploads\/2024\/03\/Podcast-imagen-150x150.jpg 150w, https:\/\/webalumnos.iestetuan.es\/wp-content\/uploads\/2024\/03\/Podcast-imagen-768x768.jpg 768w, https:\/\/webalumnos.iestetuan.es\/wp-content\/uploads\/2024\/03\/Podcast-imagen-1536x1536.jpg 1536w, https:\/\/webalumnos.iestetuan.es\/wp-content\/uploads\/2024\/03\/Podcast-imagen-2048x2048.jpg 2048w\" sizes=\"(max-width: 300px) 100vw, 300px\" \/>\n            <\/div>\n        <\/div><div class=\"eael-entry-wrapper\"><header class=\"eael-entry-header\"><h2 class=\"eael-entry-title\"><a class=\"eael-grid-post-link\" href=\"https:\/\/webalumnos.iestetuan.es\/?p=757\" title=\"PODCAST #2 \u2013 \u00a1LOS ALUMNOS CUENTAN! \u2013 Las gu\u00edas te gu\u00edan.\">PODCAST #2 \u2013 \u00a1LOS ALUMNOS CUENTAN! \u2013 Las gu\u00edas te gu\u00edan.<\/a><\/h2><\/header><div class=\"eael-entry-content\">\n                        <div class=\"eael-grid-post-excerpt\"><p>Continuamos con el cap\u00edtulo 2 de nuestros Podcast. En este...<\/p><a href=\"https:\/\/webalumnos.iestetuan.es\/?p=757\" class=\"eael-post-elements-readmore-btn\">Leer m\u00e1s<\/a><\/div>\n                    <\/div><div class=\"eael-entry-footer\"><div class=\"eael-author-avatar\"><a href=\"https:\/\/webalumnos.iestetuan.es\/?author=1\"><img alt='admin' src='https:\/\/secure.gravatar.com\/avatar\/99a6b7bdba6b9da9aa839c4d0352fa34?s=96&#038;d=mm&#038;r=g' srcset='https:\/\/secure.gravatar.com\/avatar\/99a6b7bdba6b9da9aa839c4d0352fa34?s=192&#038;d=mm&#038;r=g 2x' class='avatar avatar-96 photo' height='96' width='96' \/><\/a><\/div><div class=\"eael-entry-meta\"><span class=\"eael-posted-by\"><a href=\"https:\/\/webalumnos.iestetuan.es\/?author=1\" title=\"Entradas de admin\" rel=\"author\">admin<\/a><\/span><span class=\"eael-posted-on\"><time datetime=\"abril 12, 2024\">abril 12, 2024<\/time><\/span><\/div><\/div><\/div><\/div>\n        <\/div>\n    <\/article><article class=\"eael-grid-post  eael-post-grid-column eael-pg-post-742 category-excursiones-y-eventos-turismo\" data-id=\"742\">\n        <div class=\"eael-grid-post-holder\">\n            <div class=\"eael-grid-post-holder-inner\"><div class=\"eael-entry-media\"><div class=\"eael-entry-overlay fade-in\"><i class=\"fas fa-long-arrow-alt-right\" aria-hidden=\"true\"><\/i><a href=\"https:\/\/webalumnos.iestetuan.es\/?p=742\"><\/a><\/div><div class=\"eael-entry-thumbnail eael-image-ratio\">\n                <img loading=\"lazy\" decoding=\"async\" width=\"271\" height=\"229\" src=\"https:\/\/webalumnos.iestetuan.es\/wp-content\/uploads\/2024\/04\/ApplicationFrameHost_t9NbIl5N8F.png\" class=\"attachment-medium size-medium wp-image-749\" alt=\"\" \/>\n            <\/div>\n        <\/div><div class=\"eael-entry-wrapper\"><header class=\"eael-entry-header\"><h2 class=\"eael-entry-title\"><a class=\"eael-grid-post-link\" href=\"https:\/\/webalumnos.iestetuan.es\/?p=742\" title=\"Visita al Barrio de las Letras\">Visita al Barrio de las Letras<\/a><\/h2><\/header><div class=\"eael-entry-content\">\n                        <div class=\"eael-grid-post-excerpt\"><p>El pasado mi\u00e9rcoles 7 de febrero, el grupo de alumnos...<\/p><a href=\"https:\/\/webalumnos.iestetuan.es\/?p=742\" class=\"eael-post-elements-readmore-btn\">Leer m\u00e1s<\/a><\/div>\n                    <\/div><div class=\"eael-entry-footer\"><div class=\"eael-author-avatar\"><a href=\"https:\/\/webalumnos.iestetuan.es\/?author=1\"><img alt='admin' src='https:\/\/secure.gravatar.com\/avatar\/99a6b7bdba6b9da9aa839c4d0352fa34?s=96&#038;d=mm&#038;r=g' srcset='https:\/\/secure.gravatar.com\/avatar\/99a6b7bdba6b9da9aa839c4d0352fa34?s=192&#038;d=mm&#038;r=g 2x' class='avatar avatar-96 photo' height='96' width='96' \/><\/a><\/div><div class=\"eael-entry-meta\"><span class=\"eael-posted-by\"><a href=\"https:\/\/webalumnos.iestetuan.es\/?author=1\" title=\"Entradas de admin\" rel=\"author\">admin<\/a><\/span><span class=\"eael-posted-on\"><time datetime=\"abril 7, 2024\">abril 7, 2024<\/time><\/span><\/div><\/div><\/div><\/div>\n        <\/div>\n    <\/article><\/div>\n            <div class=\"clearfix\"><\/div>\n        <\/div>            <div class=\"eael-load-more-button-wrap eael-force-hide\">\n                <button class=\"eael-load-more-button\" id=\"eael-load-more-btn-8f9356c\" data-widget-id=\"8f9356c\" data-widget=\"8f9356c\" data-page-id=\"122\" data-template=\"{&quot;dir&quot;:&quot;lite&quot;,&quot;file_name&quot;:&quot;one.php&quot;,&quot;name&quot;:&quot;Post-Grid&quot;}\" data-class=\"Essential_Addons_Elementor\\Elements\\Post_Grid\" data-layout=\"masonry\" data-page=\"1\" data-args=\"orderby=date&amp;order=desc&amp;ignore_sticky_posts=1&amp;post_status=publish&amp;posts_per_page=4&amp;offset=6&amp;post_type=post\" data-max-page=\"5\">\n                    <span class=\"eael-btn-loader button__loader\"><\/span>\n                    <span class=\"eael_load_more_text\">Cargar m\u00e1s<\/span>\n                <\/button>\n            <\/div>\n            \t\t\t\t<\/div>\n\t\t\t\t<\/div>\n\t\t\t\t\t<\/div>\n\t\t\t\t<\/div>\n\t\t\t\t<\/div>\n\t\t","protected":false},"excerpt":{"rendered":"<p>WEB DE ALUMNOS IES TETU\u00c1N DE LAS VICTORIAS Visita al Barrio de las Letras El pasado mi\u00e9rcoles 7 de febrero, el grupo de alumnos&#8230; Leer m\u00e1s adminabril 7, 2024 Cargar&hellip;&nbsp;<a href=\"https:\/\/webalumnos.iestetuan.es\/?p=742\" class=\"\" rel=\"bookmark\">Leer m\u00e1s &raquo;<span class=\"screen-reader-text\">Visita al Barrio de las Letras<\/span><\/a><\/p>\n","protected":false},"author":1,"featured_media":0,"parent":0,"menu_order":0,"comment_status":"closed","ping_status":"closed","template":"elementor_header_footer","meta":{"neve_meta_sidebar":"","neve_meta_container":"","neve_meta_enable_content_width":"","neve_meta_content_width":0,"neve_meta_title_alignment":"","neve_meta_author_avatar":"","neve_post_elements_order":"","neve_meta_disable_header":"","neve_meta_disable_footer":"","neve_meta_disable_title":"","footnotes":""},"_links":{"self":[{"href":"https:\/\/webalumnos.iestetuan.es\/index.php?rest_route=\/wp\/v2\/pages\/122"}],"collection":[{"href":"https:\/\/webalumnos.iestetuan.es\/index.php?rest_route=\/wp\/v2\/pages"}],"about":[{"href":"https:\/\/webalumnos.iestetuan.es\/index.php?rest_route=\/wp\/v2\/types\/page"}],"author":[{"embeddable":true,"href":"https:\/\/webalumnos.iestetuan.es\/index.php?rest_route=\/wp\/v2\/users\/1"}],"replies":[{"embeddable":true,"href":"https:\/\/webalumnos.iestetuan.es\/index.php?rest_route=%2Fwp%2Fv2%2Fcomments&post=122"}],"version-history":[{"count":61,"href":"https:\/\/webalumnos.iestetuan.es\/index.php?rest_route=\/wp\/v2\/pages\/122\/revisions"}],"predecessor-version":[{"id":755,"href":"https:\/\/webalumnos.iestetuan.es\/index.php?rest_route=\/wp\/v2\/pages\/122\/revisions\/755"}],"wp:attachment":[{"href":"https:\/\/webalumnos.iestetuan.es\/index.php?rest_route=%2Fwp%2Fv2%2Fmedia&parent=122"}],"curies":[{"name":"wp","href":"https:\/\/api.w.org\/{rel}","templated":true}]}}