{"id":161,"date":"2023-12-15T08:29:48","date_gmt":"2023-12-15T07:29:48","guid":{"rendered":"https:\/\/webalumnos.iestetuan.es\/?page_id=161"},"modified":"2024-04-12T18:58:27","modified_gmt":"2024-04-12T16:58:27","slug":"turismo","status":"publish","type":"page","link":"https:\/\/webalumnos.iestetuan.es\/?page_id=161","title":{"rendered":"Turismo"},"content":{"rendered":"\t\t<div data-elementor-type=\"wp-page\" data-elementor-id=\"161\" class=\"elementor elementor-161\">\n\t\t\t\t<div class=\"has_eae_slider elementor-element elementor-element-c822105 e-flex e-con-boxed e-con e-parent\" data-eae-slider=\"14046\" data-id=\"c822105\" data-element_type=\"container\">\n\t\t\t\t\t<div class=\"e-con-inner\">\n\t\t\t\t<div class=\"elementor-element elementor-element-d01350e eae-pl-img-align-left elementor-widget elementor-widget-wts-postlist\" data-id=\"d01350e\" data-element_type=\"widget\" data-widget_type=\"wts-postlist.default\">\n\t\t\t\t<div class=\"elementor-widget-container\">\n\t\t\t\t\t\t\t\t<div class=\"wts-eae-pl-wrapper\">\n\t\t\t\t\t\t\t\t\t\t<ul>\n\t\t\t\t\t\t\t\t\t\t\t\t\t\t<li>\n\t\t\t\t\t\t\t\t\t\t\t\t\t\t\t\t\t\t\t\t\t\t\t<div class=\"eae-pl-image-wrapper\">\n\t\t\t\t\t\t\t\t\t\t<a href=\"https:\/\/webalumnos.iestetuan.es\/?p=847\" title=\"Primera Feria de Turismo del IES Tetu\u00e1n &#8211; Un viaje de colores, sabores y culturas \u00fanicas.\">\n\t\t\t\t\t\t\t\t\t\t\t<img decoding=\"async\" width=\"150\" height=\"150\" src=\"https:\/\/webalumnos.iestetuan.es\/wp-content\/uploads\/2024\/05\/FERIA2-150x150.jpg\" class=\"attachment-thumbnail size-thumbnail wp-post-image\" alt=\"\" \/>\t\t\t\t\t\t\t\t\t\t<\/a>\n\t\t\t\t\t\t\t\t\t<\/div>\n\t\t\t\t\t\t\t\t\t\t\t\t\t\t\t\t\t\t<div class=\"eae-pl-content-box-wrapper\">\n\n\t\t\t\t\t\t\t\t\t\t\t\t\t\t\t\t\t\t\t<h3 class=\"eae-pl-title\"><a href=\"https:\/\/webalumnos.iestetuan.es\/?p=847\" title=\"Primera Feria de Turismo del IES Tetu\u00e1n &#8211; Un viaje de colores, sabores y culturas \u00fanicas.\">Primera Feria de Turismo del IES Tetu\u00e1n &#8211; Un viaje de colores, sabores y culturas \u00fanicas.<\/a><\/h3>\n\t\t\t\t\t\t\t\t\t\n\t\t\t\t\t\t\t\t\t\t\t\t\t\t\t\t\t\t\t<div class=\"eae-pl-content-box\">\n\t\t\t\t\t\t\t\t\t\t\tEl correo que nos anunci\u00f3 la maravilla fue el siguiente:-------------------------------------El...\t\t\t\t\t\t\t\t\t\t<\/div>\n\t\t\t\t\t\t\t\t\t\n\t\t\t\t\t\t\t\t\t\t\t\t\t\t\t\t\t\t\t<div class=\"eae-pl-readmore\">\n\t\t\t\t\t\t\t\t\t\t\t<a href=\"https:\/\/webalumnos.iestetuan.es\/?p=847\" title=\"Primera Feria de Turismo del IES Tetu\u00e1n &#8211; Un viaje de colores, sabores y culturas \u00fanicas.\">Read More<\/a>\n\t\t\t\t\t\t\t\t\t\t<\/div>\n\t\t\t\t\t\t\t\t\t\t\t\t\t\t\t\t\t\t<\/div>\n\t\t\t\t\t\t\t\t<\/li>\n\t\t\t\t\t\t\t\t\t\t\t\t\t\t\t<li>\n\t\t\t\t\t\t\t\t\t\t\t\t\t\t\t\t\t\t\t\t\t\t\t<div class=\"eae-pl-image-wrapper\">\n\t\t\t\t\t\t\t\t\t\t<a href=\"https:\/\/webalumnos.iestetuan.es\/?p=757\" title=\"PODCAST #2 \u2013 \u00a1LOS ALUMNOS CUENTAN! \u2013 Las gu\u00edas te gu\u00edan.\">\n\t\t\t\t\t\t\t\t\t\t\t<img decoding=\"async\" width=\"150\" height=\"150\" src=\"https:\/\/webalumnos.iestetuan.es\/wp-content\/uploads\/2024\/03\/Podcast-imagen-150x150.jpg\" class=\"attachment-thumbnail size-thumbnail wp-post-image\" alt=\"\" srcset=\"https:\/\/webalumnos.iestetuan.es\/wp-content\/uploads\/2024\/03\/Podcast-imagen-150x150.jpg 150w, https:\/\/webalumnos.iestetuan.es\/wp-content\/uploads\/2024\/03\/Podcast-imagen-300x300.jpg 300w, https:\/\/webalumnos.iestetuan.es\/wp-content\/uploads\/2024\/03\/Podcast-imagen-1024x1024.jpg 1024w, https:\/\/webalumnos.iestetuan.es\/wp-content\/uploads\/2024\/03\/Podcast-imagen-768x768.jpg 768w, https:\/\/webalumnos.iestetuan.es\/wp-content\/uploads\/2024\/03\/Podcast-imagen-1536x1536.jpg 1536w, https:\/\/webalumnos.iestetuan.es\/wp-content\/uploads\/2024\/03\/Podcast-imagen-2048x2048.jpg 2048w\" sizes=\"(max-width: 150px) 100vw, 150px\" \/>\t\t\t\t\t\t\t\t\t\t<\/a>\n\t\t\t\t\t\t\t\t\t<\/div>\n\t\t\t\t\t\t\t\t\t\t\t\t\t\t\t\t\t\t<div class=\"eae-pl-content-box-wrapper\">\n\n\t\t\t\t\t\t\t\t\t\t\t\t\t\t\t\t\t\t\t<h3 class=\"eae-pl-title\"><a href=\"https:\/\/webalumnos.iestetuan.es\/?p=757\" title=\"PODCAST #2 \u2013 \u00a1LOS ALUMNOS CUENTAN! \u2013 Las gu\u00edas te gu\u00edan.\">PODCAST #2 \u2013 \u00a1LOS ALUMNOS CUENTAN! \u2013 Las gu\u00edas te gu\u00edan.<\/a><\/h3>\n\t\t\t\t\t\t\t\t\t\n\t\t\t\t\t\t\t\t\t\t\t\t\t\t\t\t\t\t\t<div class=\"eae-pl-content-box\">\n\t\t\t\t\t\t\t\t\t\t\tContinuamos con el cap\u00edtulo 2 de nuestros Podcast.En este episodio...\t\t\t\t\t\t\t\t\t\t<\/div>\n\t\t\t\t\t\t\t\t\t\n\t\t\t\t\t\t\t\t\t\t\t\t\t\t\t\t\t\t\t<div class=\"eae-pl-readmore\">\n\t\t\t\t\t\t\t\t\t\t\t<a href=\"https:\/\/webalumnos.iestetuan.es\/?p=757\" title=\"PODCAST #2 \u2013 \u00a1LOS ALUMNOS CUENTAN! \u2013 Las gu\u00edas te gu\u00edan.\">Read More<\/a>\n\t\t\t\t\t\t\t\t\t\t<\/div>\n\t\t\t\t\t\t\t\t\t\t\t\t\t\t\t\t\t\t<\/div>\n\t\t\t\t\t\t\t\t<\/li>\n\t\t\t\t\t\t\t\t\t\t\t\t\t\t\t<li>\n\t\t\t\t\t\t\t\t\t\t\t\t\t\t\t\t\t\t\t\t\t\t\t<div class=\"eae-pl-image-wrapper\">\n\t\t\t\t\t\t\t\t\t\t<a href=\"https:\/\/webalumnos.iestetuan.es\/?p=742\" title=\"Visita al Barrio de las Letras\">\n\t\t\t\t\t\t\t\t\t\t\t<img decoding=\"async\" width=\"150\" height=\"150\" src=\"https:\/\/webalumnos.iestetuan.es\/wp-content\/uploads\/2024\/04\/ApplicationFrameHost_t9NbIl5N8F-150x150.png\" class=\"attachment-thumbnail size-thumbnail wp-post-image\" alt=\"\" \/>\t\t\t\t\t\t\t\t\t\t<\/a>\n\t\t\t\t\t\t\t\t\t<\/div>\n\t\t\t\t\t\t\t\t\t\t\t\t\t\t\t\t\t\t<div class=\"eae-pl-content-box-wrapper\">\n\n\t\t\t\t\t\t\t\t\t\t\t\t\t\t\t\t\t\t\t<h3 class=\"eae-pl-title\"><a href=\"https:\/\/webalumnos.iestetuan.es\/?p=742\" title=\"Visita al Barrio de las Letras\">Visita al Barrio de las Letras<\/a><\/h3>\n\t\t\t\t\t\t\t\t\t\n\t\t\t\t\t\t\t\t\t\t\t\t\t\t\t\t\t\t\t<div class=\"eae-pl-content-box\">\n\t\t\t\t\t\t\t\t\t\t\tEl pasado mi\u00e9rcoles 7 de febrero, el grupo de alumnos...\t\t\t\t\t\t\t\t\t\t<\/div>\n\t\t\t\t\t\t\t\t\t\n\t\t\t\t\t\t\t\t\t\t\t\t\t\t\t\t\t\t\t<div class=\"eae-pl-readmore\">\n\t\t\t\t\t\t\t\t\t\t\t<a href=\"https:\/\/webalumnos.iestetuan.es\/?p=742\" title=\"Visita al Barrio de las Letras\">Read More<\/a>\n\t\t\t\t\t\t\t\t\t\t<\/div>\n\t\t\t\t\t\t\t\t\t\t\t\t\t\t\t\t\t\t<\/div>\n\t\t\t\t\t\t\t\t<\/li>\n\t\t\t\t\t\t\t\t\t\t\t\t\t\t\t<li>\n\t\t\t\t\t\t\t\t\t\t\t\t\t\t\t\t\t\t\t\t\t\t\t<div class=\"eae-pl-image-wrapper\">\n\t\t\t\t\t\t\t\t\t\t<a href=\"https:\/\/webalumnos.iestetuan.es\/?p=323\" title=\"COSTUMBRES DE NAVIDAD EN EL MUNDO\">\n\t\t\t\t\t\t\t\t\t\t\t<img loading=\"lazy\" decoding=\"async\" width=\"150\" height=\"150\" src=\"https:\/\/webalumnos.iestetuan.es\/wp-content\/uploads\/2024\/01\/chrome_GRDaN6jEKe-150x150.png\" class=\"attachment-thumbnail size-thumbnail wp-post-image\" alt=\"\" \/>\t\t\t\t\t\t\t\t\t\t<\/a>\n\t\t\t\t\t\t\t\t\t<\/div>\n\t\t\t\t\t\t\t\t\t\t\t\t\t\t\t\t\t\t<div class=\"eae-pl-content-box-wrapper\">\n\n\t\t\t\t\t\t\t\t\t\t\t\t\t\t\t\t\t\t\t<h3 class=\"eae-pl-title\"><a href=\"https:\/\/webalumnos.iestetuan.es\/?p=323\" title=\"COSTUMBRES DE NAVIDAD EN EL MUNDO\">COSTUMBRES DE NAVIDAD EN EL MUNDO<\/a><\/h3>\n\t\t\t\t\t\t\t\t\t\n\t\t\t\t\t\t\t\t\t\t\t\t\t\t\t\t\t\t\t<div class=\"eae-pl-content-box\">\n\t\t\t\t\t\t\t\t\t\t\tLa Temporada navide\u00f1a llena de luces parpadeantes, villancicos alegres y...\t\t\t\t\t\t\t\t\t\t<\/div>\n\t\t\t\t\t\t\t\t\t\n\t\t\t\t\t\t\t\t\t\t\t\t\t\t\t\t\t\t\t<div class=\"eae-pl-readmore\">\n\t\t\t\t\t\t\t\t\t\t\t<a href=\"https:\/\/webalumnos.iestetuan.es\/?p=323\" title=\"COSTUMBRES DE NAVIDAD EN EL MUNDO\">Read More<\/a>\n\t\t\t\t\t\t\t\t\t\t<\/div>\n\t\t\t\t\t\t\t\t\t\t\t\t\t\t\t\t\t\t<\/div>\n\t\t\t\t\t\t\t\t<\/li>\n\t\t\t\t\t\t\t\t\t\t\t\t\t\t\t<li>\n\t\t\t\t\t\t\t\t\t\t\t\t\t\t\t\t\t\t\t\t\t\t\t<div class=\"eae-pl-image-wrapper\">\n\t\t\t\t\t\t\t\t\t\t<a href=\"https:\/\/webalumnos.iestetuan.es\/?p=308\" title=\"Cobertura de Oficina de Turismo: \u00ab5 PLANES ALTERNATIVOS PARA LA NAVIDAD\u00bb\">\n\t\t\t\t\t\t\t\t\t\t\t<img loading=\"lazy\" decoding=\"async\" width=\"150\" height=\"150\" src=\"https:\/\/webalumnos.iestetuan.es\/wp-content\/uploads\/2024\/01\/joanna-kosinska-LOCPyTogWHU-unsplash-150x150.jpg\" class=\"attachment-thumbnail size-thumbnail wp-post-image\" alt=\"\" \/>\t\t\t\t\t\t\t\t\t\t<\/a>\n\t\t\t\t\t\t\t\t\t<\/div>\n\t\t\t\t\t\t\t\t\t\t\t\t\t\t\t\t\t\t<div class=\"eae-pl-content-box-wrapper\">\n\n\t\t\t\t\t\t\t\t\t\t\t\t\t\t\t\t\t\t\t<h3 class=\"eae-pl-title\"><a href=\"https:\/\/webalumnos.iestetuan.es\/?p=308\" title=\"Cobertura de Oficina de Turismo: \u00ab5 PLANES ALTERNATIVOS PARA LA NAVIDAD\u00bb\">Cobertura de Oficina de Turismo: \u00ab5 PLANES ALTERNATIVOS PARA LA NAVIDAD\u00bb<\/a><\/h3>\n\t\t\t\t\t\t\t\t\t\n\t\t\t\t\t\t\t\t\t\t\t\t\t\t\t\t\t\t\t<div class=\"eae-pl-content-box\">\n\t\t\t\t\t\t\t\t\t\t\tLa Navidad, esa \u00e9poca del a\u00f1o donde cantar villancicos, pasar...\t\t\t\t\t\t\t\t\t\t<\/div>\n\t\t\t\t\t\t\t\t\t\n\t\t\t\t\t\t\t\t\t\t\t\t\t\t\t\t\t\t\t<div class=\"eae-pl-readmore\">\n\t\t\t\t\t\t\t\t\t\t\t<a href=\"https:\/\/webalumnos.iestetuan.es\/?p=308\" title=\"Cobertura de Oficina de Turismo: \u00ab5 PLANES ALTERNATIVOS PARA LA NAVIDAD\u00bb\">Read More<\/a>\n\t\t\t\t\t\t\t\t\t\t<\/div>\n\t\t\t\t\t\t\t\t\t\t\t\t\t\t\t\t\t\t<\/div>\n\t\t\t\t\t\t\t\t<\/li>\n\t\t\t\t\t\t\t\t\t\t\t\t\t<\/ul>\n\t\t\t\t\t\t\t\t\t<\/div>\n\t\t\t\t\t\t<\/div>\n\t\t\t\t<\/div>\n\t\t\t\t\t<\/div>\n\t\t\t\t<\/div>\n\t\t\t\t<\/div>\n\t\t","protected":false},"excerpt":{"rendered":"<p>PODCAST #2 \u2013 \u00a1LOS ALUMNOS CUENTAN! \u2013 Las gu\u00edas te gu\u00edan. Continuamos con el cap\u00edtulo 2 de nuestros Podcast.En este episodio&#8230; Read More Visita al Barrio de las Letras El&hellip;&nbsp;<a href=\"https:\/\/webalumnos.iestetuan.es\/?p=308\" class=\"\" rel=\"bookmark\">Leer m\u00e1s &raquo;<span class=\"screen-reader-text\">Cobertura de Oficina de Turismo: \u00ab5 PLANES ALTERNATIVOS PARA LA NAVIDAD\u00bb<\/span><\/a><\/p>\n","protected":false},"author":1,"featured_media":0,"parent":0,"menu_order":0,"comment_status":"closed","ping_status":"closed","template":"page-templates\/template-pagebuilder-full-width.php","meta":{"neve_meta_sidebar":"","neve_meta_container":"","neve_meta_enable_content_width":"","neve_meta_content_width":0,"neve_meta_title_alignment":"","neve_meta_author_avatar":"","neve_post_elements_order":"","neve_meta_disable_header":"","neve_meta_disable_footer":"","neve_meta_disable_title":"","footnotes":""},"_links":{"self":[{"href":"https:\/\/webalumnos.iestetuan.es\/index.php?rest_route=\/wp\/v2\/pages\/161"}],"collection":[{"href":"https:\/\/webalumnos.iestetuan.es\/index.php?rest_route=\/wp\/v2\/pages"}],"about":[{"href":"https:\/\/webalumnos.iestetuan.es\/index.php?rest_route=\/wp\/v2\/types\/page"}],"author":[{"embeddable":true,"href":"https:\/\/webalumnos.iestetuan.es\/index.php?rest_route=\/wp\/v2\/users\/1"}],"replies":[{"embeddable":true,"href":"https:\/\/webalumnos.iestetuan.es\/index.php?rest_route=%2Fwp%2Fv2%2Fcomments&post=161"}],"version-history":[{"count":19,"href":"https:\/\/webalumnos.iestetuan.es\/index.php?rest_route=\/wp\/v2\/pages\/161\/revisions"}],"predecessor-version":[{"id":769,"href":"https:\/\/webalumnos.iestetuan.es\/index.php?rest_route=\/wp\/v2\/pages\/161\/revisions\/769"}],"wp:attachment":[{"href":"https:\/\/webalumnos.iestetuan.es\/index.php?rest_route=%2Fwp%2Fv2%2Fmedia&parent=161"}],"curies":[{"name":"wp","href":"https:\/\/api.w.org\/{rel}","templated":true}]}}